{"id":11,"date":"2019-02-07T11:25:03","date_gmt":"2019-02-07T11:25:03","guid":{"rendered":"http:\/\/grounding.bleuer.com\/?page_id=8"},"modified":"2019-02-07T11:25:03","modified_gmt":"2019-02-07T11:25:03","slug":"absicht","status":"publish","type":"page","link":"http:\/\/www.swissair-grounding.net\/index.php\/absicht\/","title":{"rendered":"Die Absicht dieser Webpr\u00e4senz"},"content":{"rendered":"\n<p>Kein Ereignis hat die Schweiz mehr ersch\u00fcttert als das\n Grounding der Swissair vom 2. Oktober 2001. \nObwohl die Fakten inzwischen mehrheitlich bekannt sind, gibt es bislang \nkeine umfassende Darstellung der Hintergr\u00fcnde. \nAuffallend ist auch, dass die breite \u00d6ffentlichkeit je l\u00e4nger je mehr \nein etwas verzerrtes Bild der damaligen Geschehnisse zu haben scheint.<\/p>\n\n\n\n<p><em>Ziel von www.swissair-grounding.net ist es, diesem Manko entgegenzutreten.<\/em><\/p>\n\n\n\n<p>Das vorliegende Dokument entstand aus eigenem Antrieb,\n aus purem Interesse an der Materie und wurde v\u00f6llig \nunabh\u00e4ngig, ohne R\u00fccksicht auf Partikularinteressen geschrieben. Alle \nentstandenen Kosten werden vom Autor selbst getragen. \nS\u00e4mtliche im Dokument enthaltenen Fakten basieren in erster Linie auf \nsorgf\u00e4ltig recherchierten Quellen, eigenen Erlebnissen \nsowie Zeugenaussagen und sind weder willentlich einseitig gef\u00e4rbt noch \nsind sie Produkt &#171;irgendeines paranoiden \nVerschw\u00f6rungsfanatikers&#187; (siehe Literaturverzeichnis). Im Text \nenthaltene Interpretationen \nund Schlussfolgerungen stellen einzig und alleine die subjektive, von \npers\u00f6nlichen Gef\u00fchlen und Interessen bestimmte \nMeinung des Autors zum Zeitpunkt der Ver\u00f6ffentlichung dar und m\u00fcssen in \nkeiner Weise vollends der Wahrheit entsprechen. Es ist nicht \nAbsicht des Autors, private oder juristische Personen zu verurteilen \noder in irgendeiner Weise zu verleumden oder deren Ruf zu sch\u00e4digen \ngeschweige denn deren Ehre zu verletzen.\n<\/p>\n","protected":false},"excerpt":{"rendered":"<p>Kein Ereignis hat die Schweiz mehr ersch\u00fcttert als das Grounding der Swissair vom 2. Oktober 2001. Obwohl die Fakten inzwischen mehrheitlich bekannt sind, gibt es bislang keine umfassende Darstellung der Hintergr\u00fcnde. Auffallend ist auch, dass die breite \u00d6ffentlichkeit je l\u00e4nger &hellip; <a href=\"http:\/\/www.swissair-grounding.net\/index.php\/absicht\/\">Weiterlesen <span class=\"meta-nav\">&rarr;<\/span><\/a><\/p>\n","protected":false},"author":1,"featured_media":0,"parent":0,"menu_order":0,"comment_status":"closed","ping_status":"closed","template":"","meta":{"footnotes":""},"_links":{"self":[{"href":"http:\/\/www.swissair-grounding.net\/index.php\/wp-json\/wp\/v2\/pages\/11"}],"collection":[{"href":"http:\/\/www.swissair-grounding.net\/index.php\/wp-json\/wp\/v2\/pages"}],"about":[{"href":"http:\/\/www.swissair-grounding.net\/index.php\/wp-json\/wp\/v2\/types\/page"}],"author":[{"embeddable":true,"href":"http:\/\/www.swissair-grounding.net\/index.php\/wp-json\/wp\/v2\/users\/1"}],"replies":[{"embeddable":true,"href":"http:\/\/www.swissair-grounding.net\/index.php\/wp-json\/wp\/v2\/comments?post=11"}],"version-history":[{"count":0,"href":"http:\/\/www.swissair-grounding.net\/index.php\/wp-json\/wp\/v2\/pages\/11\/revisions"}],"wp:attachment":[{"href":"http:\/\/www.swissair-grounding.net\/index.php\/wp-json\/wp\/v2\/media?parent=11"}],"curies":[{"name":"wp","href":"https:\/\/api.w.org\/{rel}","templated":true}]}}